{"id":1233,"date":"2018-02-12T15:09:31","date_gmt":"2018-02-12T14:09:31","guid":{"rendered":"https:\/\/famille-aylf.fr\/index.php\/nos-activites-et-services\/aylf-enfance-famille\/pole-prevention-milieu-ouvert\/mesure-judiciaire-investigation-educative-mjie\/"},"modified":"2023-09-22T09:23:50","modified_gmt":"2023-09-22T07:23:50","slug":"mesure-judiciaire-investigation-educative-mjie","status":"publish","type":"page","link":"https:\/\/famille-aylf.fr\/index.php\/nos-activites-et-services\/aylf-enfance-famille\/pole-prevention-milieu-ouvert\/mesure-judiciaire-investigation-educative-mjie\/","title":{"rendered":"Mesure Judiciaire Investigation Educative (MJIE)"},"content":{"rendered":"\n[et_pb_section fb_built=\u00a0\u00bb1&Prime; fullwidth=\u00a0\u00bbon\u00a0\u00bb custom_padding_last_edited=\u00a0\u00bbon|desktop\u00a0\u00bb _builder_version=\u00a0\u00bb3.0.47&Prime; custom_padding_tablet=\u00a0\u00bb50px|0|50px|0&Prime; transparent_background=\u00a0\u00bboff\u00a0\u00bb padding_mobile=\u00a0\u00bboff\u00a0\u00bb][et_pb_fullwidth_post_title title=\u00a0\u00bboff\u00a0\u00bb meta=\u00a0\u00bboff\u00a0\u00bb featured_placement=\u00a0\u00bbbackground\u00a0\u00bb text_color=\u00a0\u00bblight\u00a0\u00bb module_class=\u00a0\u00bbillustration\u00a0\u00bb _builder_version=\u00a0\u00bb3.0.47&Prime; title_all_caps=\u00a0\u00bboff\u00a0\u00bb text_orientation=\u00a0\u00bbcenter\u00a0\u00bb use_border_color=\u00a0\u00bboff\u00a0\u00bb border_color=\u00a0\u00bb#ffffff\u00a0\u00bb border_width=\u00a0\u00bb1px\u00a0\u00bb border_style=\u00a0\u00bbsolid\u00a0\u00bb parallax_effect=\u00a0\u00bboff\u00a0\u00bb][\/et_pb_fullwidth_post_title][\/et_pb_section][et_pb_section fb_built=\u00a0\u00bb1&Prime; specialty=\u00a0\u00bbon\u00a0\u00bb custom_padding_last_edited=\u00a0\u00bbon|desktop\u00a0\u00bb _builder_version=\u00a0\u00bb3.0.47&Prime; custom_padding_tablet=\u00a0\u00bb50px|0|50px|0&Prime; transparent_background=\u00a0\u00bboff\u00a0\u00bb padding_mobile=\u00a0\u00bboff\u00a0\u00bb][et_pb_column type=\u00a0\u00bb3_4&Prime; specialty_columns=\u00a0\u00bb3&Prime; _builder_version=\u00a0\u00bb3.0.47&Prime; parallax=\u00a0\u00bboff\u00a0\u00bb parallax_method=\u00a0\u00bbon\u00a0\u00bb][et_pb_row_inner padding_mobile=\u00a0\u00bboff\u00a0\u00bb column_padding_mobile=\u00a0\u00bboff\u00a0\u00bb admin_label=\u00a0\u00bbLigne\u00a0\u00bb _builder_version=\u00a0\u00bb3.0.47&Prime;][et_pb_column_inner type=\u00a0\u00bb4_4&Prime; saved_specialty_column_type=\u00a0\u00bb3_4&Prime; _builder_version=\u00a0\u00bb3.0.47&Prime; column_padding_mobile=\u00a0\u00bboff\u00a0\u00bb parallax=\u00a0\u00bboff\u00a0\u00bb parallax_method=\u00a0\u00bbon\u00a0\u00bb][et_pb_text admin_label=\u00a0\u00bbtitre\u00a0\u00bb _builder_version=\u00a0\u00bb3.3.1&Prime; use_border_color=\u00a0\u00bboff\u00a0\u00bb border_style=\u00a0\u00bbsolid\u00a0\u00bb]<h1><i class=\"fas fa-balance-scale\"><\/i> Mesure Judiciaire Investigation Educative (MJIE)<\/h1>\r\n<h5>Explorer, analyser et \u00e9mettre des recommandations adapt\u00e9es dans le cadre de la protection de l\u2019enfance<\/h5>\r[\/et_pb_text][\/et_pb_column_inner][\/et_pb_row_inner][et_pb_row_inner padding_mobile=\u00a0\u00bboff\u00a0\u00bb column_padding_mobile=\u00a0\u00bboff\u00a0\u00bb _builder_version=\u00a0\u00bb3.0.47&Prime;][et_pb_column_inner type=\u00a0\u00bb4_4&Prime; saved_specialty_column_type=\u00a0\u00bb3_4&Prime; _builder_version=\u00a0\u00bb3.0.47&Prime; column_padding_mobile=\u00a0\u00bboff\u00a0\u00bb parallax=\u00a0\u00bboff\u00a0\u00bb parallax_method=\u00a0\u00bbon\u00a0\u00bb][et_pb_text _builder_version=\u00a0\u00bb3.0.47&Prime; background_size=\u00a0\u00bbinitial\u00a0\u00bb background_position=\u00a0\u00bbtop_left\u00a0\u00bb background_repeat=\u00a0\u00bbrepeat\u00a0\u00bb text_orientation=\u00a0\u00bbjustified\u00a0\u00bb use_border_color=\u00a0\u00bboff\u00a0\u00bb border_style=\u00a0\u00bbsolid\u00a0\u00bb]<h3>La MJIE, qu\u2019est-ce c\u2019est\u00a0?<\/h3>\r\nLa Mesure Judiciaire d\u2019Investigation Educative, dans le cadre civil, est une d\u00e9marche de recueil d\u2019\u00e9l\u00e9ments, de temps d\u2019observations, d\u2019analyses sur<strong> la personnalit\u00e9 du mineur, sa situation familiale, sociale et sur le sens des actes qu\u2019il pose ou qu\u2019il subit. <\/strong>Elle est ordonn\u00e9e par un magistrat et lui permet de <strong>s\u2019informer de la situation d\u2019un mineur pour lequel des mises en danger sont pressenties.<\/strong>\r[\/et_pb_text][et_pb_text _builder_version=\u00a0\u00bb3.0.47&Prime; background_size=\u00a0\u00bbinitial\u00a0\u00bb background_position=\u00a0\u00bbtop_left\u00a0\u00bb background_repeat=\u00a0\u00bbrepeat\u00a0\u00bb text_orientation=\u00a0\u00bbjustified\u00a0\u00bb use_border_color=\u00a0\u00bboff\u00a0\u00bb border_style=\u00a0\u00bbsolid\u00a0\u00bb]<h3>Et concr\u00e8tement\u2026<\/h3>\r\nElle est destin\u00e9e \u00e0 \u00e9clairer le Juge des Enfants quant \u00e0 la personnalit\u00e9, les conditions d\u2019\u00e9ducation et de vie du mineur et de ses parents. En r\u00e9f\u00e9rence \u00e0 l\u2019article 375 du Code Civil et 1183, 1184 du nouveau code de proc\u00e9dure civile, la mise en \u0153uvre de la MJIE et son d\u00e9roulement doivent \u00eatre guid\u00e9s par le principe de l\u2019int\u00e9r\u00eat sup\u00e9rieur de l\u2019enfant et le respect du cadre pos\u00e9 par la d\u00e9cision judiciaire. C\u2019est une mesure d\u2019aide \u00e0 la d\u00e9cision du magistrat, relative aux dispositions \u00e0 prendre \u00e0 l\u2019\u00e9gard d\u2019un danger pr\u00e9sum\u00e9 ou d\u2019un \u00ab\u00a0risque de danger\u00a0\u00bb pour le mineur.\r\n\r\nLa MJIE est pluridisciplinaire (exerc\u00e9e par un intervenant \u00e9ducatif et un psychologue) et prononc\u00e9e pour une dur\u00e9e de 6 mois.\r\n\r\nLa mise en \u0153uvre de l\u2019investigation produit par elle-m\u00eame souvent du changement au sein des familles, en leur permettant d\u2019entrer dans une d\u00e9marche dynamique et peut contribuer \u00e0 d\u00e9nouer une situation de crise ou de blocage pour ainsi \u00e9viter, ou limiter, le temps d\u2019une intervention \u00e9ducative judiciaire.\r\n\r\nCependant, l\u2019objectif de <strong>la MJIE n\u2019est pas une action d\u2019accompagnement \u00e9ducatif<\/strong>. Elle est par essence m\u00eame une d\u00e9marche de recueil d\u2019\u00e9l\u00e9ments de compr\u00e9hension \u00e9clairant la situation, d\u2019introspection puis d\u2019\u00e9laboration de propositions. Elle s\u2019attache \u00e0 \u00e9valuer la situation d\u2019un mineur et \u00e0 appr\u00e9cier notamment les conditions d\u2019exercice de l\u2019autorit\u00e9 parentale et ses effets vis-\u00e0-vis de l\u2019enfant.\r[\/et_pb_text][\/et_pb_column_inner][\/et_pb_row_inner][et_pb_row_inner custom_padding=\u00a0\u00bb32px|0px|0px|0px\u00a0\u00bb padding_mobile=\u00a0\u00bboff\u00a0\u00bb column_padding_mobile=\u00a0\u00bboff\u00a0\u00bb _builder_version=\u00a0\u00bb3.0.47&Prime;][et_pb_column_inner type=\u00a0\u00bb4_4&Prime; saved_specialty_column_type=\u00a0\u00bb3_4&Prime; _builder_version=\u00a0\u00bb3.0.47&Prime; column_padding_mobile=\u00a0\u00bboff\u00a0\u00bb parallax=\u00a0\u00bboff\u00a0\u00bb parallax_method=\u00a0\u00bbon\u00a0\u00bb][et_pb_text _builder_version=\u00a0\u00bb3.0.47&Prime; background_size=\u00a0\u00bbinitial\u00a0\u00bb background_position=\u00a0\u00bbtop_left\u00a0\u00bb background_repeat=\u00a0\u00bbrepeat\u00a0\u00bb use_border_color=\u00a0\u00bboff\u00a0\u00bb border_style=\u00a0\u00bbsolid\u00a0\u00bb]<h3>Le d\u00e9roulement de la mesure<\/h3>\r\n<ul>\r\n \t<li>Audience apr\u00e8s signalement<\/li>\r\n \t<li>Arriv\u00e9e de l\u2019ordonnance AYLF<\/li>\r\n \t<li>Attribution de la mesure \u00e0 un \u00e9ducateur et un psychologue<\/li>\r\n \t<li>Recueil des donn\u00e9es du dossier<\/li>\r\n \t<li>1<sup>er<\/sup> RDV : Dans les 15 jours suivant l\u2019attribution de la mesure, une rencontre est convenue entre les parents, l\u2019enfant et l\u2019\u00e9ducateur r\u00e9f\u00e9rent pour pr\u00e9senter l\u2019accompagnement de la MJIE.<\/li>\r\n \t<li>Visite \u00e0 domicile + RDV au service ou en lieu tiers + Contact avec les partenaires\u00a0: D\u2019autres entretiens, individuels, en bin\u00f4me ou collectifs, viendront ponctuer le d\u00e9roulement de la mesure pour rendre compte des dimensions sociale, familiale et individuelle.<\/li>\r\n \t<li>Analyse et synth\u00e8se en \u00e9quipe pluridisciplinaire<\/li>\r\n \t<li>Entretien de restitution \u00e0 la famille avec le responsable de service et l\u2019\u00e9ducateur<\/li>\r\n \t<li>Envoi du rapport<\/li>\r\n \t<li>Audience de fin de mesure<\/li>\r\n<\/ul>\r[\/et_pb_text][et_pb_text _builder_version=\u00a0\u00bb3.0.47&Prime; background_size=\u00a0\u00bbinitial\u00a0\u00bb background_position=\u00a0\u00bbtop_left\u00a0\u00bb background_repeat=\u00a0\u00bbrepeat\u00a0\u00bb text_orientation=\u00a0\u00bbjustified\u00a0\u00bb use_border_color=\u00a0\u00bboff\u00a0\u00bb border_style=\u00a0\u00bbsolid\u00a0\u00bb]<h3>Un de nos engagements\u2026<\/h3>\r\nComme toute proc\u00e9dure judiciaire, elle prend en compte le principe du contradictoire. Un rapport \u00e9crit par l\u2019ensemble des professionnels est d\u00e9pos\u00e9 avant la date d\u2019audience afin de permettre aux familles et aux avocats de consulter le dossier.\r\n\r\nLes rapports d\u2019investigation constituent une pi\u00e8ce du dossier judiciaire et peuvent \u00eatre consult\u00e9s au Palais de Justice, dans le cadre du respect des droits des usagers, inscrits dans la loi 2002-2 et le d\u00e9cret n\u00b02002-361 du 15 mars 2002.\r\n\r\nEn fin de mesure, le contenu du rapport et les propositions d\u2019action sont communiqu\u00e9s oralement aux int\u00e9ress\u00e9s lors d\u2019un entretien de restitution au service avant l\u2019audience de fin de mesure.\r\n<h3>Unit\u00e9s :<\/h3>\r[\/et_pb_text][\/et_pb_column_inner][\/et_pb_row_inner][et_pb_row_inner custom_padding=\u00a0\u00bb21px|0px|32px|0px\u00a0\u00bb padding_mobile=\u00a0\u00bboff\u00a0\u00bb column_padding_mobile=\u00a0\u00bboff\u00a0\u00bb _builder_version=\u00a0\u00bb3.0.47&Prime;][et_pb_column_inner type=\u00a0\u00bb1_3&Prime; saved_specialty_column_type=\u00a0\u00bb3_4&Prime; _builder_version=\u00a0\u00bb3.0.47&Prime; column_padding_mobile=\u00a0\u00bboff\u00a0\u00bb parallax=\u00a0\u00bboff\u00a0\u00bb parallax_method=\u00a0\u00bbon\u00a0\u00bb][et_pb_text _builder_version=\u00a0\u00bb3.0.47&Prime; background_size=\u00a0\u00bbinitial\u00a0\u00bb background_position=\u00a0\u00bbtop_left\u00a0\u00bb background_repeat=\u00a0\u00bbrepeat\u00a0\u00bb use_border_color=\u00a0\u00bboff\u00a0\u00bb border_style=\u00a0\u00bbsolid\u00a0\u00bb]<h4>MJIE d\u2019Amiens<\/h4>\r\n<strong><i class=\"fas fa-home\"><\/i> 646, rue de Cagny CS 58819\r\n<\/strong><strong>80088 Amiens Cedex 2 <\/strong>\r\n\r\nT\u00e9l : 03 22 50 32 00\r[\/et_pb_text][\/et_pb_column_inner][et_pb_column_inner type=\u00a0\u00bb1_3&Prime; saved_specialty_column_type=\u00a0\u00bb3_4&Prime; _builder_version=\u00a0\u00bb3.0.47&Prime; column_padding_mobile=\u00a0\u00bboff\u00a0\u00bb parallax=\u00a0\u00bboff\u00a0\u00bb parallax_method=\u00a0\u00bbon\u00a0\u00bb][et_pb_text _builder_version=\u00a0\u00bb3.0.47&Prime; background_size=\u00a0\u00bbinitial\u00a0\u00bb background_position=\u00a0\u00bbtop_left\u00a0\u00bb background_repeat=\u00a0\u00bbrepeat\u00a0\u00bb use_border_color=\u00a0\u00bboff\u00a0\u00bb border_style=\u00a0\u00bbsolid\u00a0\u00bb]<h4>MJIE d\u2019Abbeville<\/h4>\r\n<strong><i class=\"fas fa-home\"><\/i> 17, rue Pasteur<\/strong>\r\n<strong>80100 Abbeville<\/strong>\r\n\r\nT\u00e9l : 03 22 25 39 70\r[\/et_pb_text][\/et_pb_column_inner][et_pb_column_inner type=\u00a0\u00bb1_3&Prime; saved_specialty_column_type=\u00a0\u00bb3_4&Prime; _builder_version=\u00a0\u00bb3.0.47&Prime; column_padding_mobile=\u00a0\u00bboff\u00a0\u00bb parallax=\u00a0\u00bboff\u00a0\u00bb parallax_method=\u00a0\u00bbon\u00a0\u00bb][et_pb_text _builder_version=\u00a0\u00bb3.0.47&Prime; background_size=\u00a0\u00bbinitial\u00a0\u00bb background_position=\u00a0\u00bbtop_left\u00a0\u00bb background_repeat=\u00a0\u00bbrepeat\u00a0\u00bb use_border_color=\u00a0\u00bboff\u00a0\u00bb border_style=\u00a0\u00bbsolid\u00a0\u00bb]<h4>MJIE Chaulnes<\/h4>\n<p><strong><i class=\"fas fa-home\"><\/i>\u00a03, rue du 8 mai 1945<\/strong><br \/> <strong>80300 ALBERT<\/strong><\/p>\n<p>T\u00e9l : 03 22 83 55 33<\/p>[\/et_pb_text][\/et_pb_column_inner][\/et_pb_row_inner][\/et_pb_column][et_pb_column type=\u00a0\u00bb1_4&Prime; _builder_version=\u00a0\u00bb3.0.47&Prime; parallax=\u00a0\u00bboff\u00a0\u00bb parallax_method=\u00a0\u00bbon\u00a0\u00bb][et_pb_divider show_divider=\u00a0\u00bboff\u00a0\u00bb height=\u00a0\u00bb80&Prime; disabled_on=\u00a0\u00bbon|on|off\u00a0\u00bb _builder_version=\u00a0\u00bb3.2&Prime; hide_on_mobile=\u00a0\u00bbon\u00a0\u00bb][\/et_pb_divider][et_pb_sidebar orientation=\u00a0\u00bbright\u00a0\u00bb area=\u00a0\u00bbsidebar-1&Prime; _builder_version=\u00a0\u00bb3.0.47&Prime; remove_border=\u00a0\u00bb1&Prime;][\/et_pb_sidebar][\/et_pb_column][\/et_pb_section][et_pb_section fb_built=\u00a0\u00bb1&Prime; custom_padding_last_edited=\u00a0\u00bbon|phone\u00a0\u00bb _builder_version=\u00a0\u00bb3.0.47&Prime; custom_padding=\u00a0\u00bb||0px|\u00a0\u00bb custom_padding_tablet=\u00a0\u00bb50px|0|50px|0&Prime; transparent_background=\u00a0\u00bboff\u00a0\u00bb padding_mobile=\u00a0\u00bboff\u00a0\u00bb][et_pb_row custom_padding=\u00a0\u00bb||5px|\u00a0\u00bb padding_mobile=\u00a0\u00bboff\u00a0\u00bb column_padding_mobile=\u00a0\u00bbon\u00a0\u00bb custom_padding_last_edited=\u00a0\u00bbon|phone\u00a0\u00bb parallax_method_1=\u00a0\u00bboff\u00a0\u00bb _builder_version=\u00a0\u00bb3.0.47&Prime; background_size=\u00a0\u00bbinitial\u00a0\u00bb background_position=\u00a0\u00bbtop_left\u00a0\u00bb background_repeat=\u00a0\u00bbrepeat\u00a0\u00bb][et_pb_column type=\u00a0\u00bb4_4&Prime; _builder_version=\u00a0\u00bb3.0.47&Prime; column_padding_mobile=\u00a0\u00bbon\u00a0\u00bb parallax=\u00a0\u00bboff\u00a0\u00bb parallax_method=\u00a0\u00bboff\u00a0\u00bb][et_pb_text _builder_version=\u00a0\u00bb3.0.47&Prime; background_size=\u00a0\u00bbinitial\u00a0\u00bb background_position=\u00a0\u00bbtop_left\u00a0\u00bb background_repeat=\u00a0\u00bbrepeat\u00a0\u00bb use_border_color=\u00a0\u00bboff\u00a0\u00bb border_style=\u00a0\u00bbsolid\u00a0\u00bb]<h1><i class=\"fa fa-lightbulb-o\"><\/i> Compl\u00e9ment d&rsquo;information<\/h1>\r[\/et_pb_text][\/et_pb_column][\/et_pb_row][\/et_pb_section][et_pb_section fb_built=\u00a0\u00bb1&Prime; custom_padding_last_edited=\u00a0\u00bbon|phone\u00a0\u00bb module_class=\u00a0\u00bbaylf_blocbaspage\u00a0\u00bb _builder_version=\u00a0\u00bb3.0.47&Prime; background_color=\u00a0\u00bb#ededed\u00a0\u00bb custom_padding=\u00a0\u00bb10px|||\u00a0\u00bb custom_padding_tablet=\u00a0\u00bb50px|0|50px|0&Prime; transparent_background=\u00a0\u00bboff\u00a0\u00bb padding_mobile=\u00a0\u00bboff\u00a0\u00bb][et_pb_row padding_mobile=\u00a0\u00bboff\u00a0\u00bb column_padding_mobile=\u00a0\u00bbon\u00a0\u00bb _builder_version=\u00a0\u00bb3.0.47&Prime; background_size=\u00a0\u00bbinitial\u00a0\u00bb background_position=\u00a0\u00bbtop_left\u00a0\u00bb background_repeat=\u00a0\u00bbrepeat\u00a0\u00bb][et_pb_column type=\u00a0\u00bb4_4&Prime; _builder_version=\u00a0\u00bb3.0.47&Prime; column_padding_mobile=\u00a0\u00bbon\u00a0\u00bb parallax=\u00a0\u00bboff\u00a0\u00bb parallax_method=\u00a0\u00bbon\u00a0\u00bb][\/et_pb_column][\/et_pb_row][\/et_pb_section]\n","protected":false},"excerpt":{"rendered":"<p>Mesure Judiciaire Investigation Educative (MJIE) Explorer, analyser et \u00e9mettre des recommandations adapt\u00e9es dans le cadre de la protection de l\u2019enfance La MJIE, qu\u2019est-ce c\u2019est\u00a0? La Mesure Judiciaire d\u2019Investigation Educative, dans le cadre civil, est une d\u00e9marche de recueil d\u2019\u00e9l\u00e9ments, de temps d\u2019observations, d\u2019analyses sur la personnalit\u00e9 du mineur, sa situation familiale, sociale et sur le [&hellip;]<\/p>\n","protected":false},"author":1,"featured_media":2517,"parent":1216,"menu_order":1,"comment_status":"closed","ping_status":"closed","template":"","meta":{"_acf_changed":false,"_et_pb_use_builder":"on","_et_pb_old_content":"","_et_gb_content_width":"","inline_featured_image":false,"jetpack_post_was_ever_published":false,"footnotes":""},"class_list":["post-1233","page","type-page","status-publish","has-post-thumbnail","hentry"],"acf":[],"jetpack_shortlink":"https:\/\/wp.me\/P8kEsP-jT","_links":{"self":[{"href":"https:\/\/famille-aylf.fr\/index.php\/wp-json\/wp\/v2\/pages\/1233","targetHints":{"allow":["GET"]}}],"collection":[{"href":"https:\/\/famille-aylf.fr\/index.php\/wp-json\/wp\/v2\/pages"}],"about":[{"href":"https:\/\/famille-aylf.fr\/index.php\/wp-json\/wp\/v2\/types\/page"}],"author":[{"embeddable":true,"href":"https:\/\/famille-aylf.fr\/index.php\/wp-json\/wp\/v2\/users\/1"}],"replies":[{"embeddable":true,"href":"https:\/\/famille-aylf.fr\/index.php\/wp-json\/wp\/v2\/comments?post=1233"}],"version-history":[{"count":12,"href":"https:\/\/famille-aylf.fr\/index.php\/wp-json\/wp\/v2\/pages\/1233\/revisions"}],"predecessor-version":[{"id":2518,"href":"https:\/\/famille-aylf.fr\/index.php\/wp-json\/wp\/v2\/pages\/1233\/revisions\/2518"}],"up":[{"embeddable":true,"href":"https:\/\/famille-aylf.fr\/index.php\/wp-json\/wp\/v2\/pages\/1216"}],"wp:featuredmedia":[{"embeddable":true,"href":"https:\/\/famille-aylf.fr\/index.php\/wp-json\/wp\/v2\/media\/2517"}],"wp:attachment":[{"href":"https:\/\/famille-aylf.fr\/index.php\/wp-json\/wp\/v2\/media?parent=1233"}],"curies":[{"name":"wp","href":"https:\/\/api.w.org\/{rel}","templated":true}]}}