{"id":1236,"date":"2018-02-12T15:09:31","date_gmt":"2018-02-12T14:09:31","guid":{"rendered":"https:\/\/famille-aylf.fr\/index.php\/nos-activites-et-services\/aylf-enfance-famille\/pole-prevention-milieu-ouvert\/mediation-familiale\/"},"modified":"2024-09-13T17:30:26","modified_gmt":"2024-09-13T15:30:26","slug":"mediation-familiale","status":"publish","type":"page","link":"https:\/\/famille-aylf.fr\/index.php\/nos-activites-et-services\/aylf-enfance-famille\/pole-prevention-milieu-ouvert\/mediation-familiale\/","title":{"rendered":"M\u00e9diation Familiale"},"content":{"rendered":"<p>[et_pb_section fb_built=\u00a0\u00bb1&Prime; fullwidth=\u00a0\u00bbon\u00a0\u00bb custom_padding_last_edited=\u00a0\u00bbon|desktop\u00a0\u00bb admin_label=\u00a0\u00bbSection\u00a0\u00bb _builder_version=\u00a0\u00bb4.16&Prime; custom_padding_tablet=\u00a0\u00bb50px|0|50px|0&Prime; custom_padding_phone=\u00a0\u00bb\u00a0\u00bb transparent_background=\u00a0\u00bboff\u00a0\u00bb padding_mobile=\u00a0\u00bboff\u00a0\u00bb global_colors_info=\u00a0\u00bb{}\u00a0\u00bb][et_pb_fullwidth_post_title title=\u00a0\u00bboff\u00a0\u00bb meta=\u00a0\u00bboff\u00a0\u00bb featured_placement=\u00a0\u00bbbackground\u00a0\u00bb text_color=\u00a0\u00bblight\u00a0\u00bb admin_label=\u00a0\u00bbTitre du poste en pleine largeur\u00a0\u00bb module_class=\u00a0\u00bbillustration\u00a0\u00bb _builder_version=\u00a0\u00bb4.16&Prime; title_all_caps=\u00a0\u00bboff\u00a0\u00bb text_orientation=\u00a0\u00bbcenter\u00a0\u00bb use_border_color=\u00a0\u00bboff\u00a0\u00bb border_color=\u00a0\u00bb#ffffff\u00a0\u00bb border_width=\u00a0\u00bb1px\u00a0\u00bb border_style=\u00a0\u00bbsolid\u00a0\u00bb parallax_effect=\u00a0\u00bboff\u00a0\u00bb global_colors_info=\u00a0\u00bb{}\u00a0\u00bb][\/et_pb_fullwidth_post_title][\/et_pb_section][et_pb_section fb_built=\u00a0\u00bb1&Prime; specialty=\u00a0\u00bbon\u00a0\u00bb custom_padding_last_edited=\u00a0\u00bbon|desktop\u00a0\u00bb admin_label=\u00a0\u00bbSection\u00a0\u00bb _builder_version=\u00a0\u00bb4.16&Prime; custom_padding_tablet=\u00a0\u00bb50px|0|50px|0&Prime; custom_padding_phone=\u00a0\u00bb\u00a0\u00bb transparent_background=\u00a0\u00bboff\u00a0\u00bb padding_mobile=\u00a0\u00bboff\u00a0\u00bb global_colors_info=\u00a0\u00bb{}\u00a0\u00bb][et_pb_column type=\u00a0\u00bb3_4&Prime; specialty_columns=\u00a0\u00bb3&Prime; _builder_version=\u00a0\u00bb4.16&Prime; custom_padding=\u00a0\u00bb|||\u00a0\u00bb global_colors_info=\u00a0\u00bb{}\u00a0\u00bb custom_padding__hover=\u00a0\u00bb|||\u00a0\u00bb][et_pb_row_inner padding_mobile=\u00a0\u00bboff\u00a0\u00bb column_padding_mobile=\u00a0\u00bboff\u00a0\u00bb admin_label=\u00a0\u00bbLigne\u00a0\u00bb _builder_version=\u00a0\u00bb4.16&Prime; global_colors_info=\u00a0\u00bb{}\u00a0\u00bb][et_pb_column_inner saved_specialty_column_type=\u00a0\u00bb3_4&Prime; _builder_version=\u00a0\u00bb4.16&Prime; custom_padding=\u00a0\u00bb|||\u00a0\u00bb global_colors_info=\u00a0\u00bb{}\u00a0\u00bb custom_padding__hover=\u00a0\u00bb|||\u00a0\u00bb][et_pb_text admin_label=\u00a0\u00bbtitre\u00a0\u00bb _builder_version=\u00a0\u00bb4.16&Prime; background_size=\u00a0\u00bbinitial\u00a0\u00bb background_position=\u00a0\u00bbtop_left\u00a0\u00bb background_repeat=\u00a0\u00bbrepeat\u00a0\u00bb use_border_color=\u00a0\u00bboff\u00a0\u00bb border_style=\u00a0\u00bbsolid\u00a0\u00bb global_colors_info=\u00a0\u00bb{}\u00a0\u00bb]<\/p>\n<h1><i class=\"fa fa-users \" ><\/i> M\u00e9diation Familiale<\/h1>\n<h3>Se rencontrer autrement pour mieux se comprendre et d\u00e9cider ensemble&#8230;<\/h3>\n<h4>Qu\u2019est-ce que la m\u00e9diation familiale\u00a0?<\/h4>\n<p>[\/et_pb_text][et_pb_text admin_label=\u00a0\u00bbchapeau\u00a0\u00bb module_class=\u00a0\u00bbaylf_chapeau\u00a0\u00bb _builder_version=\u00a0\u00bb4.16&Prime; background_size=\u00a0\u00bbinitial\u00a0\u00bb background_position=\u00a0\u00bbtop_left\u00a0\u00bb background_repeat=\u00a0\u00bbrepeat\u00a0\u00bb text_orientation=\u00a0\u00bbjustified\u00a0\u00bb use_border_color=\u00a0\u00bboff\u00a0\u00bb border_style=\u00a0\u00bbsolid\u00a0\u00bb global_colors_info=\u00a0\u00bb{}\u00a0\u00bb]Votre situation actuelle est compliqu\u00e9e ? Nos m\u00e9diateurs familiaux sont comp\u00e9tents pour vous aider. Lors d\u2019une s\u00e9ance d\u2019informations totalement gratuite et non engageante, vous d\u00e9cidez, ensemble ou s\u00e9par\u00e9ment, des probl\u00e9matiques \u00e0 aborder.<br \/>\n[\/et_pb_text][et_pb_text admin_label=\u00a0\u00bbTexte\u00a0\u00bb _builder_version=\u00a0\u00bb4.16&Prime; background_size=\u00a0\u00bbinitial\u00a0\u00bb background_position=\u00a0\u00bbtop_left\u00a0\u00bb background_repeat=\u00a0\u00bbrepeat\u00a0\u00bb text_orientation=\u00a0\u00bbjustified\u00a0\u00bb use_border_color=\u00a0\u00bboff\u00a0\u00bb border_style=\u00a0\u00bbsolid\u00a0\u00bb global_colors_info=\u00a0\u00bb{}\u00a0\u00bb]<\/p>\n<p>Depuis l\u2019ouverture de son service \u00e0 l\u2019AYLF en 1991, le m\u00e9diateur familial pr\u00e9sente un r\u00f4le accompagnateur qui vous permet d\u2019\u00e9changer de fa\u00e7on plus sereine et apais\u00e9e. A la suite de ce rendez-vous, vous d\u00e9cidez de poursuivre, ou non, la d\u00e9marche, en fonction de vos besoins. Dans un respect total des personnes, nos m\u00e9diateurs, qui peuvent aussi intervenir en co-m\u00e9diation lorsque la situation le n\u00e9cessite.<\/p>\n<blockquote>\n<p>Notre tarif est d\u00e9gressif en fonction de vos ressources. S\u00e9ance \u00e0 partir de 2\u20ac.<\/p>\n<\/blockquote>\n<p>[\/et_pb_text][et_pb_text admin_label=\u00a0\u00bbTexte\u00a0\u00bb _builder_version=\u00a0\u00bb4.16&Prime; background_size=\u00a0\u00bbinitial\u00a0\u00bb background_position=\u00a0\u00bbtop_left\u00a0\u00bb background_repeat=\u00a0\u00bbrepeat\u00a0\u00bb use_border_color=\u00a0\u00bboff\u00a0\u00bb border_style=\u00a0\u00bbsolid\u00a0\u00bb global_colors_info=\u00a0\u00bb{}\u00a0\u00bb]<\/p>\n<h3>Trouvez une alternative gr\u00e2ce \u00e0 la m\u00e9diation familiale<\/h3>\n<h4>Une opportunit\u00e9<\/h4>\n<p style=\"text-align: justify;\">La M\u00e9diation Familiale est une opportunit\u00e9 de se rencontrer autrement. Vous pouvez en prendre l\u2019initiative en vous adressant directement au service de m\u00e9diation familiale. Le juge peut \u00e9galement vous la proposer au cours d\u2019une proc\u00e9dure, mais la m\u00e9diation ne commencera qu\u2019avec votre accord, une fois que vous aurez re\u00e7u des informations sur le processus.<\/p>\n<h4>Un temps<\/h4>\n<p style=\"text-align: justify;\">De communication, d\u2019\u00e9coute et d\u2019expression de vos besoins, de ceux de vos enfants, ou des autres membres de la famille, permettant de faire \u00e9merger des solutions. La m\u00e9diation s\u2019appuie sur des principes d\u2019autonomie, de responsabilit\u00e9 et d\u2019auto-d\u00e9termination des personnes.<\/p>\n<h4>Un espace<\/h4>\n<p style=\"text-align: justify;\">S\u00e9curis\u00e9 et r\u00e9gi par des principes d\u00e9ontologiques de stricte confidentialit\u00e9, d\u2019impartialit\u00e9 et de neutralit\u00e9.<\/p>\n<h4>Un co\u00fbt<\/h4>\n<p style=\"text-align: justify;\">A partir de 2\u20ac. Il est adapt\u00e9 et calcul\u00e9 sur la base d\u2019un bar\u00e8me de participation. Le nombre d\u2019entretiens varie selon votre situation et les sujets que vous souhaitez aborder.<\/p>\n<p>[\/et_pb_text][et_pb_text _builder_version=\u00a0\u00bb4.27.0&Prime; _module_preset=\u00a0\u00bbdefault\u00a0\u00bb hover_enabled=\u00a0\u00bb0&Prime; sticky_enabled=\u00a0\u00bb0&Prime;]<\/p>\n<p>Visionnez une vid\u00e9o pour plus d&rsquo;informations sur la M\u00e9diation Familiale :<strong><a href=\"https:\/\/youtu.be\/H8rzb7fWgIc\">Cliquez ici<\/a><\/strong><\/p>\n<p>[\/et_pb_text][\/et_pb_column_inner][\/et_pb_row_inner][et_pb_row_inner padding_mobile=\u00a0\u00bboff\u00a0\u00bb column_padding_mobile=\u00a0\u00bboff\u00a0\u00bb _builder_version=\u00a0\u00bb4.16&Prime; global_colors_info=\u00a0\u00bb{}\u00a0\u00bb][et_pb_column_inner saved_specialty_column_type=\u00a0\u00bb3_4&Prime; _builder_version=\u00a0\u00bb4.16&Prime; custom_padding=\u00a0\u00bb|||\u00a0\u00bb global_colors_info=\u00a0\u00bb{}\u00a0\u00bb custom_padding__hover=\u00a0\u00bb|||\u00a0\u00bb][et_pb_text _builder_version=\u00a0\u00bb4.16&Prime; background_size=\u00a0\u00bbinitial\u00a0\u00bb background_position=\u00a0\u00bbtop_left\u00a0\u00bb background_repeat=\u00a0\u00bbrepeat\u00a0\u00bb global_colors_info=\u00a0\u00bb{}\u00a0\u00bb]<\/p>\n<h3>Probl&eacute;matiques r&eacute;curentes<\/h3>\n<blockquote>\n<p>Comment va s&rsquo;organiser l&rsquo;accueil de nos enfants apr&egrave;s notre s&eacute;paration&nbsp;?<\/p>\n<p>Comment, en tant que p&egrave;re, continuer &agrave; assurer le suivi scolaire de ma fille&nbsp;?&nbsp;<\/p>\n<p>Je ne vois plus mes enfants et en plus je dois payer&nbsp;!<\/p>\n<p>Qui dans notre fratrie va prendre en charge papa qui n&rsquo;est plus autonome&nbsp;? &#8230;&nbsp;<\/p>\n<p>Avec mon fils au ch&ocirc;mage, les relations sont difficiles &agrave; la maison.&nbsp;<\/p>\n<p>Notre fille ne veut plus que nous voyions notre petit-fils, comment lui reparler&nbsp;?&nbsp;<\/p>\n<\/blockquote>\n<p>[\/et_pb_text][\/et_pb_column_inner][\/et_pb_row_inner][et_pb_row_inner padding_mobile=\u00a0\u00bboff\u00a0\u00bb column_padding_mobile=\u00a0\u00bboff\u00a0\u00bb admin_label=\u00a0\u00bbLigne\u00a0\u00bb _builder_version=\u00a0\u00bb4.16&Prime; custom_padding=\u00a0\u00bb32px|0px|0px|0px\u00a0\u00bb global_colors_info=\u00a0\u00bb{}\u00a0\u00bb][et_pb_column_inner saved_specialty_column_type=\u00a0\u00bb3_4&Prime; _builder_version=\u00a0\u00bb4.16&Prime; custom_padding=\u00a0\u00bb|||\u00a0\u00bb global_colors_info=\u00a0\u00bb{}\u00a0\u00bb custom_padding__hover=\u00a0\u00bb|||\u00a0\u00bb][et_pb_text admin_label=\u00a0\u00bbTexte\u00a0\u00bb _builder_version=\u00a0\u00bb4.16&Prime; background_size=\u00a0\u00bbinitial\u00a0\u00bb background_position=\u00a0\u00bbtop_left\u00a0\u00bb background_repeat=\u00a0\u00bbrepeat\u00a0\u00bb use_border_color=\u00a0\u00bboff\u00a0\u00bb border_style=\u00a0\u00bbsolid\u00a0\u00bb global_colors_info=\u00a0\u00bb{}\u00a0\u00bb]<\/p>\n<h3>Deux lieux d\u2019accueil<\/h3>\n<p>[\/et_pb_text][\/et_pb_column_inner][\/et_pb_row_inner][et_pb_row_inner padding_mobile=\u00a0\u00bboff\u00a0\u00bb column_padding_mobile=\u00a0\u00bboff\u00a0\u00bb admin_label=\u00a0\u00bbLigne\u00a0\u00bb _builder_version=\u00a0\u00bb4.16&Prime; custom_padding=\u00a0\u00bb0px|0px|0px|0px\u00a0\u00bb global_colors_info=\u00a0\u00bb{}\u00a0\u00bb column_structure=\u00a0\u00bb1_2,1_2&Prime;][et_pb_column_inner type=\u00a0\u00bb1_2&Prime; saved_specialty_column_type=\u00a0\u00bb3_4&Prime; _builder_version=\u00a0\u00bb4.16&Prime; custom_padding=\u00a0\u00bb|||\u00a0\u00bb global_colors_info=\u00a0\u00bb{}\u00a0\u00bb custom_padding__hover=\u00a0\u00bb|||\u00a0\u00bb][et_pb_text admin_label=\u00a0\u00bbTexte\u00a0\u00bb _builder_version=\u00a0\u00bb4.16&Prime; background_size=\u00a0\u00bbinitial\u00a0\u00bb background_position=\u00a0\u00bbtop_left\u00a0\u00bb background_repeat=\u00a0\u00bbrepeat\u00a0\u00bb use_border_color=\u00a0\u00bboff\u00a0\u00bb border_style=\u00a0\u00bbsolid\u00a0\u00bb global_colors_info=\u00a0\u00bb{}\u00a0\u00bb]<\/p>\n<p><strong><i class=\"fa fa-home \" ><\/i> 646, rue de Cagny<\/strong><br \/>\n<strong> CS 58819 &#8211; 80088 AMIENS CEDEX 2<\/strong><\/p>\n<p>[\/et_pb_text][\/et_pb_column_inner][et_pb_column_inner type=\u00a0\u00bb1_2&Prime; saved_specialty_column_type=\u00a0\u00bb3_4&Prime; _builder_version=\u00a0\u00bb4.16&Prime; custom_padding=\u00a0\u00bb|||\u00a0\u00bb global_colors_info=\u00a0\u00bb{}\u00a0\u00bb custom_padding__hover=\u00a0\u00bb|||\u00a0\u00bb][et_pb_text admin_label=\u00a0\u00bbTexte\u00a0\u00bb _builder_version=\u00a0\u00bb4.16&Prime; background_size=\u00a0\u00bbinitial\u00a0\u00bb background_position=\u00a0\u00bbtop_left\u00a0\u00bb background_repeat=\u00a0\u00bbrepeat\u00a0\u00bb use_border_color=\u00a0\u00bboff\u00a0\u00bb border_style=\u00a0\u00bbsolid\u00a0\u00bb global_colors_info=\u00a0\u00bb{}\u00a0\u00bb]<\/p>\n<p><strong><i class=\"fa fa-home \" ><\/i> 17, rue Pasteur<\/strong><br \/>\n<strong> 80100 Abbeville<\/strong><\/p>\n<p>[\/et_pb_text][\/et_pb_column_inner][\/et_pb_row_inner][et_pb_row_inner padding_mobile=\u00a0\u00bboff\u00a0\u00bb column_padding_mobile=\u00a0\u00bboff\u00a0\u00bb admin_label=\u00a0\u00bbLigne\u00a0\u00bb _builder_version=\u00a0\u00bb4.16&Prime; custom_padding=\u00a0\u00bb17px|0px|32px|0px\u00a0\u00bb global_colors_info=\u00a0\u00bb{}\u00a0\u00bb][et_pb_column_inner saved_specialty_column_type=\u00a0\u00bb3_4&Prime; _builder_version=\u00a0\u00bb4.16&Prime; custom_padding=\u00a0\u00bb|||\u00a0\u00bb global_colors_info=\u00a0\u00bb{}\u00a0\u00bb custom_padding__hover=\u00a0\u00bb|||\u00a0\u00bb][et_pb_text admin_label=\u00a0\u00bbTexte\u00a0\u00bb _builder_version=\u00a0\u00bb4.16&Prime; background_size=\u00a0\u00bbinitial\u00a0\u00bb background_position=\u00a0\u00bbtop_left\u00a0\u00bb background_repeat=\u00a0\u00bbrepeat\u00a0\u00bb use_border_color=\u00a0\u00bboff\u00a0\u00bb border_style=\u00a0\u00bbsolid\u00a0\u00bb global_colors_info=\u00a0\u00bb{}\u00a0\u00bb]<\/p>\n<blockquote>\n<p>Pour prendre RDV, un seul num\u00e9ro,\u00a0<span style=\"color: #a4cd15;\"><strong><i class=\"fa fa-phone \" ><\/i> 03 22 53 52 78<\/strong><\/span><\/p>\n<\/blockquote>\n<p>Vous pouvez nous contacter aussi via le formulaire de contact sur la<strong> <a href=\"https:\/\/famille-aylf.fr\/index.php\/nous-contacter\/\">page contactez nous<\/a>,<\/strong> rubrique m\u00e9diation familiale.<\/p>\n<p>[\/et_pb_text][\/et_pb_column_inner][\/et_pb_row_inner][\/et_pb_column][et_pb_column type=\u00a0\u00bb1_4&Prime; _builder_version=\u00a0\u00bb4.16&Prime; custom_padding=\u00a0\u00bb|||\u00a0\u00bb global_colors_info=\u00a0\u00bb{}\u00a0\u00bb custom_padding__hover=\u00a0\u00bb|||\u00a0\u00bb][et_pb_sidebar orientation=\u00a0\u00bbright\u00a0\u00bb area=\u00a0\u00bbsidebar-1&Prime; admin_label=\u00a0\u00bbBarre lat\u00e9rale\u00a0\u00bb _builder_version=\u00a0\u00bb4.16&Prime; remove_border=\u00a0\u00bb1&Prime; global_colors_info=\u00a0\u00bb{}\u00a0\u00bb][\/et_pb_sidebar][\/et_pb_column][\/et_pb_section][et_pb_section fb_built=\u00a0\u00bb1&Prime; custom_padding_last_edited=\u00a0\u00bbon|phone\u00a0\u00bb admin_label=\u00a0\u00bbSection\u00a0\u00bb _builder_version=\u00a0\u00bb4.16&Prime; custom_padding=\u00a0\u00bb||0px|\u00a0\u00bb custom_padding_tablet=\u00a0\u00bb50px|0|50px|0&Prime; custom_padding_phone=\u00a0\u00bb\u00a0\u00bb transparent_background=\u00a0\u00bboff\u00a0\u00bb padding_mobile=\u00a0\u00bboff\u00a0\u00bb global_colors_info=\u00a0\u00bb{}\u00a0\u00bb][et_pb_row padding_mobile=\u00a0\u00bboff\u00a0\u00bb column_padding_mobile=\u00a0\u00bbon\u00a0\u00bb custom_padding_last_edited=\u00a0\u00bbon|phone\u00a0\u00bb admin_label=\u00a0\u00bbLigne\u00a0\u00bb _builder_version=\u00a0\u00bb4.16&Prime; background_size=\u00a0\u00bbinitial\u00a0\u00bb background_position=\u00a0\u00bbtop_left\u00a0\u00bb background_repeat=\u00a0\u00bbrepeat\u00a0\u00bb custom_padding=\u00a0\u00bb||5px|\u00a0\u00bb custom_padding_tablet=\u00a0\u00bb\u00a0\u00bb custom_padding_phone=\u00a0\u00bb\u00a0\u00bb global_colors_info=\u00a0\u00bb{}\u00a0\u00bb][et_pb_column type=\u00a0\u00bb4_4&Prime; _builder_version=\u00a0\u00bb4.16&Prime; custom_padding=\u00a0\u00bb|||\u00a0\u00bb global_colors_info=\u00a0\u00bb{}\u00a0\u00bb custom_padding__hover=\u00a0\u00bb|||\u00a0\u00bb][et_pb_text admin_label=\u00a0\u00bbTexte\u00a0\u00bb _builder_version=\u00a0\u00bb4.16&Prime; background_size=\u00a0\u00bbinitial\u00a0\u00bb background_position=\u00a0\u00bbtop_left\u00a0\u00bb background_repeat=\u00a0\u00bbrepeat\u00a0\u00bb use_border_color=\u00a0\u00bboff\u00a0\u00bb border_style=\u00a0\u00bbsolid\u00a0\u00bb global_colors_info=\u00a0\u00bb{}\u00a0\u00bb]<\/p>\n<h1><i class=\"fa fa-lightbulb-o\"><\/i> Actualit\u00e9s de ce service<\/h1>\n<p>[\/et_pb_text][\/et_pb_column][\/et_pb_row][\/et_pb_section][et_pb_section fb_built=\u00a0\u00bb1&Prime; custom_padding_last_edited=\u00a0\u00bbon|phone\u00a0\u00bb admin_label=\u00a0\u00bbSection\u00a0\u00bb module_class=\u00a0\u00bbaylf_blocbaspage\u00a0\u00bb _builder_version=\u00a0\u00bb4.16&Prime; background_color=\u00a0\u00bb#ededed\u00a0\u00bb custom_padding=\u00a0\u00bb10px|||\u00a0\u00bb custom_padding_tablet=\u00a0\u00bb50px|0|50px|0&Prime; custom_padding_phone=\u00a0\u00bb\u00a0\u00bb transparent_background=\u00a0\u00bboff\u00a0\u00bb padding_mobile=\u00a0\u00bboff\u00a0\u00bb global_colors_info=\u00a0\u00bb{}\u00a0\u00bb][et_pb_row padding_mobile=\u00a0\u00bboff\u00a0\u00bb column_padding_mobile=\u00a0\u00bbon\u00a0\u00bb admin_label=\u00a0\u00bbLigne\u00a0\u00bb _builder_version=\u00a0\u00bb4.16&Prime; background_size=\u00a0\u00bbinitial\u00a0\u00bb background_position=\u00a0\u00bbtop_left\u00a0\u00bb background_repeat=\u00a0\u00bbrepeat\u00a0\u00bb global_colors_info=\u00a0\u00bb{}\u00a0\u00bb][et_pb_column type=\u00a0\u00bb4_4&Prime; _builder_version=\u00a0\u00bb4.16&Prime; custom_padding=\u00a0\u00bb|||\u00a0\u00bb global_colors_info=\u00a0\u00bb{}\u00a0\u00bb custom_padding__hover=\u00a0\u00bb|||\u00a0\u00bb][et_pb_code _builder_version=\u00a0\u00bb4.16&Prime; global_colors_info=\u00a0\u00bb{}\u00a0\u00bb]Pas d&rsquo;article pour le moment[\/et_pb_code][\/et_pb_column][\/et_pb_row][\/et_pb_section]<\/p>\n","protected":false},"excerpt":{"rendered":"<p><i class=\"fa fa-users \" ><\/i> M\u00e9diation Familiale Se rencontrer autrement pour mieux se comprendre et d\u00e9cider ensemble&#8230; Qu\u2019est-ce que la m\u00e9diation familiale\u00a0?Votre situation actuelle est compliqu\u00e9e ? Nos m\u00e9diateurs familiaux sont comp\u00e9tents pour vous aider. Lors d\u2019une s\u00e9ance d\u2019informations totalement gratuite et non engageante, vous d\u00e9cidez, ensemble ou s\u00e9par\u00e9ment, des probl\u00e9matiques \u00e0 aborder. Depuis l\u2019ouverture de [&hellip;]<\/p>\n","protected":false},"author":1,"featured_media":2521,"parent":1216,"menu_order":4,"comment_status":"closed","ping_status":"closed","template":"","meta":{"_acf_changed":false,"_et_pb_use_builder":"on","_et_pb_old_content":"","_et_gb_content_width":"","inline_featured_image":false,"jetpack_post_was_ever_published":false,"footnotes":""},"class_list":["post-1236","page","type-page","status-publish","has-post-thumbnail","hentry"],"acf":[],"jetpack_shortlink":"https:\/\/wp.me\/P8kEsP-jW","_links":{"self":[{"href":"https:\/\/famille-aylf.fr\/index.php\/wp-json\/wp\/v2\/pages\/1236","targetHints":{"allow":["GET"]}}],"collection":[{"href":"https:\/\/famille-aylf.fr\/index.php\/wp-json\/wp\/v2\/pages"}],"about":[{"href":"https:\/\/famille-aylf.fr\/index.php\/wp-json\/wp\/v2\/types\/page"}],"author":[{"embeddable":true,"href":"https:\/\/famille-aylf.fr\/index.php\/wp-json\/wp\/v2\/users\/1"}],"replies":[{"embeddable":true,"href":"https:\/\/famille-aylf.fr\/index.php\/wp-json\/wp\/v2\/comments?post=1236"}],"version-history":[{"count":43,"href":"https:\/\/famille-aylf.fr\/index.php\/wp-json\/wp\/v2\/pages\/1236\/revisions"}],"predecessor-version":[{"id":2738,"href":"https:\/\/famille-aylf.fr\/index.php\/wp-json\/wp\/v2\/pages\/1236\/revisions\/2738"}],"up":[{"embeddable":true,"href":"https:\/\/famille-aylf.fr\/index.php\/wp-json\/wp\/v2\/pages\/1216"}],"wp:featuredmedia":[{"embeddable":true,"href":"https:\/\/famille-aylf.fr\/index.php\/wp-json\/wp\/v2\/media\/2521"}],"wp:attachment":[{"href":"https:\/\/famille-aylf.fr\/index.php\/wp-json\/wp\/v2\/media?parent=1236"}],"curies":[{"name":"wp","href":"https:\/\/api.w.org\/{rel}","templated":true}]}}