{"id":1421,"date":"2018-03-07T11:03:29","date_gmt":"2018-03-07T10:03:29","guid":{"rendered":"https:\/\/famille-aylf.fr\/index.php\/nos-activites-et-services\/aylf-enfance-famille\/pole-prevention-milieu-ouvert\/prevention\/"},"modified":"2024-07-23T15:34:44","modified_gmt":"2024-07-23T13:34:44","slug":"prevention-specialisee","status":"publish","type":"page","link":"https:\/\/famille-aylf.fr\/index.php\/nos-activites-et-services\/aylf-enfance-famille\/pole-prevention-milieu-ouvert\/prevention-specialisee\/","title":{"rendered":"Pr\u00e9vention sp\u00e9cialis\u00e9e"},"content":{"rendered":"<p>[et_pb_section fb_built=\u00a0\u00bb1&Prime; fullwidth=\u00a0\u00bbon\u00a0\u00bb custom_padding_last_edited=\u00a0\u00bbon|desktop\u00a0\u00bb admin_label=\u00a0\u00bbSection\u00a0\u00bb _builder_version=\u00a0\u00bb4.16&Prime; custom_padding_tablet=\u00a0\u00bb50px|0|50px|0&Prime; custom_padding_phone=\u00a0\u00bb\u00a0\u00bb transparent_background=\u00a0\u00bboff\u00a0\u00bb padding_mobile=\u00a0\u00bboff\u00a0\u00bb global_colors_info=\u00a0\u00bb{}\u00a0\u00bb][et_pb_fullwidth_post_title title=\u00a0\u00bboff\u00a0\u00bb meta=\u00a0\u00bboff\u00a0\u00bb featured_placement=\u00a0\u00bbbackground\u00a0\u00bb text_color=\u00a0\u00bblight\u00a0\u00bb admin_label=\u00a0\u00bbTitre du poste en pleine largeur\u00a0\u00bb module_class=\u00a0\u00bbillustration\u00a0\u00bb _builder_version=\u00a0\u00bb4.16&Prime; title_all_caps=\u00a0\u00bboff\u00a0\u00bb text_orientation=\u00a0\u00bbcenter\u00a0\u00bb parallax_effect=\u00a0\u00bboff\u00a0\u00bb use_border_color=\u00a0\u00bboff\u00a0\u00bb border_color=\u00a0\u00bb#ffffff\u00a0\u00bb border_width=\u00a0\u00bb1px\u00a0\u00bb border_style=\u00a0\u00bbsolid\u00a0\u00bb global_colors_info=\u00a0\u00bb{}\u00a0\u00bb][\/et_pb_fullwidth_post_title][\/et_pb_section][et_pb_section fb_built=\u00a0\u00bb1&Prime; specialty=\u00a0\u00bbon\u00a0\u00bb custom_padding_last_edited=\u00a0\u00bbon|desktop\u00a0\u00bb admin_label=\u00a0\u00bbSection\u00a0\u00bb _builder_version=\u00a0\u00bb4.16&Prime; custom_padding_tablet=\u00a0\u00bb50px|0|50px|0&Prime; custom_padding_phone=\u00a0\u00bb\u00a0\u00bb transparent_background=\u00a0\u00bboff\u00a0\u00bb padding_mobile=\u00a0\u00bboff\u00a0\u00bb global_colors_info=\u00a0\u00bb{}\u00a0\u00bb][et_pb_column type=\u00a0\u00bb3_4&Prime; specialty_columns=\u00a0\u00bb3&Prime; _builder_version=\u00a0\u00bb4.16&Prime; custom_padding=\u00a0\u00bb|||\u00a0\u00bb global_colors_info=\u00a0\u00bb{}\u00a0\u00bb custom_padding__hover=\u00a0\u00bb|||\u00a0\u00bb][et_pb_row_inner padding_mobile=\u00a0\u00bboff\u00a0\u00bb column_padding_mobile=\u00a0\u00bboff\u00a0\u00bb admin_label=\u00a0\u00bbLigne\u00a0\u00bb _builder_version=\u00a0\u00bb4.16&Prime; global_colors_info=\u00a0\u00bb{}\u00a0\u00bb][et_pb_column_inner saved_specialty_column_type=\u00a0\u00bb3_4&Prime; _builder_version=\u00a0\u00bb4.16&Prime; custom_padding=\u00a0\u00bb|||\u00a0\u00bb global_colors_info=\u00a0\u00bb{}\u00a0\u00bb custom_padding__hover=\u00a0\u00bb|||\u00a0\u00bb][et_pb_text admin_label=\u00a0\u00bbtitre\u00a0\u00bb _builder_version=\u00a0\u00bb4.16&Prime; background_size=\u00a0\u00bbinitial\u00a0\u00bb background_position=\u00a0\u00bbtop_left\u00a0\u00bb background_repeat=\u00a0\u00bbrepeat\u00a0\u00bb use_border_color=\u00a0\u00bboff\u00a0\u00bb border_style=\u00a0\u00bbsolid\u00a0\u00bb global_colors_info=\u00a0\u00bb{}\u00a0\u00bb]<\/p>\n<h1>Pr\u00e9vention sp\u00e9cialis\u00e9e<\/h1>\n<h5>\u00ab Observer pour comprendre, comprendre pour agir \u00bb<\/h5>\n<p>[\/et_pb_text][\/et_pb_column_inner][\/et_pb_row_inner][et_pb_row_inner padding_mobile=\u00a0\u00bboff\u00a0\u00bb column_padding_mobile=\u00a0\u00bboff\u00a0\u00bb admin_label=\u00a0\u00bbrow_inner\u00a0\u00bb _builder_version=\u00a0\u00bb4.16&Prime; global_colors_info=\u00a0\u00bb{}\u00a0\u00bb][et_pb_column_inner saved_specialty_column_type=\u00a0\u00bb3_4&Prime; _builder_version=\u00a0\u00bb4.16&Prime; custom_padding=\u00a0\u00bb|||\u00a0\u00bb global_colors_info=\u00a0\u00bb{}\u00a0\u00bb custom_padding__hover=\u00a0\u00bb|||\u00a0\u00bb][et_pb_text admin_label=\u00a0\u00bbTexte\u00a0\u00bb _builder_version=\u00a0\u00bb4.16&Prime; background_size=\u00a0\u00bbinitial\u00a0\u00bb background_position=\u00a0\u00bbtop_left\u00a0\u00bb background_repeat=\u00a0\u00bbrepeat\u00a0\u00bb text_orientation=\u00a0\u00bbjustified\u00a0\u00bb use_border_color=\u00a0\u00bboff\u00a0\u00bb border_style=\u00a0\u00bbsolid\u00a0\u00bb global_colors_info=\u00a0\u00bb{}\u00a0\u00bb]<\/p>\n<h3>La pr\u00e9vention sp\u00e9cialis\u00e9e, qu&rsquo;est-ce que c&rsquo;est ?<\/h3>\n<p>La pr\u00e9vention est un acteur de la protection de l\u2019enfance, inscrit dans l\u2019action du Conseil D\u00e9partemental de la Somme. Le service intervient depuis 1973 sur les quartiers SUD d\u2019Amiens.<\/p>\n<p>Dans ce service de l\u2019AYLF, le jeune et ses int\u00e9r\u00eats sont au c\u0153ur des engagements de l\u2019\u00e9quipe. La pr\u00e9vention sp\u00e9cialis\u00e9e s\u2019articule autour de trois axes\u00a0: l\u2019accompagnement individuel, l\u2019action collective et le d\u00e9veloppement social local. Ce service a pour missions de pr\u00e9venir et r\u00e9duire les ph\u00e9nom\u00e8nes de d\u00e9saffiliation et de d\u00e9crochage social des jeunes d\u2019un territoire prescrit\u00a0; de renforcer les capacit\u00e9s \u00e9ducatives de l\u2019environnement familial et social des jeunes que nos \u00e9ducateurs accompagnent. Afin d\u2019\u00eatre au plus pr\u00e8s de la r\u00e9alit\u00e9 du public, le service de pr\u00e9vention sp\u00e9cialis\u00e9e s\u2019appuie sur son\u00a0\u00ab\u00a0Groupe d\u2019expression\u00a0\u00bb qui est consult\u00e9 r\u00e9guli\u00e8rement sur les orientations du travail p\u00e9dagogique port\u00e9 par l\u2019\u00e9quipe.<\/p>\n<p>Notre pr\u00e9sence r\u00e9guli\u00e8re, visible et lisible nous permet de d\u00e9coder les ph\u00e9nom\u00e8nes sociaux locaux, sans les dramatiser ni les sous-estimer, pour proposer des r\u00e9ponses innovantes et r\u00e9actives.<\/p>\n<p>Nous entendons pouvoir concevoir des projets au croisement de la demande publique et des besoins sociaux, favoriser l\u2019approche collective des situations en s\u2019appuyant sur la force de notre partenariat et notre connaissance des r\u00e9seaux de professionnels.[\/et_pb_text][et_pb_text admin_label=\u00a0\u00bbTexte\u00a0\u00bb _builder_version=\u00a0\u00bb4.21.0&Prime; background_size=\u00a0\u00bbinitial\u00a0\u00bb background_position=\u00a0\u00bbtop_left\u00a0\u00bb background_repeat=\u00a0\u00bbrepeat\u00a0\u00bb text_orientation=\u00a0\u00bbjustified\u00a0\u00bb use_border_color=\u00a0\u00bboff\u00a0\u00bb border_style=\u00a0\u00bbsolid\u00a0\u00bb global_colors_info=\u00a0\u00bb{}\u00a0\u00bb]<\/p>\n<h3>Quelle est la prise en charge ?<\/h3>\n<p>Le service de la pr\u00e9vention est r\u00e9gi par 5 principes d\u2019action\u00a0:<\/p>\n<ul>\n<li>L\u2019absence de mandat nominatif\u00a0(administratif ou judiciaire) ;<\/li>\n<li>L\u2019anonymat et la notion de confidentialit\u00e9 (sauf si le jeune se retrouve en situation de danger av\u00e9r\u00e9e)\u00a0;<\/li>\n<li>La libre adh\u00e9sion au dispositif d\u2019accompagnement\u00a0;<\/li>\n<li>Le partenariat financier, mat\u00e9riel ou humain pour le d\u00e9veloppement et la mise en place des projets des jeunes\u00a0;<\/li>\n<li>La non-institutionnalisation des moyens mis en \u0153uvre.<\/li>\n<\/ul>\n<p>L\u2019action de la pr\u00e9vention sp\u00e9cialis\u00e9e vient ainsi compl\u00e9ter les dispositifs existants dans le cadre de la protection de l\u2019enfance. Elle a pour but d\u2019aller \u00e0 la rencontre des jeunes dans leur milieu de vie et doit d\u00e9velopper son action en fonction de la dynamique de son territoire et des probl\u00e9matiques qui lui sont propres.<\/p>\n<p><span>L\u2019\u00e9quipe est compos\u00e9e de professionnels qualifi\u00e9s, dipl\u00f4m\u00e9s pouvant accueillir les jeunes tous les apr\u00e8s-midi de la semaine au local d\u2019accueil autour d\u2019\u00e9changes informels, pour trouver r\u00e9ponses \u00e0 certains besoins, d\u00e9velopper une action collective ou avancer sur un accompagnement individuel.<\/span><\/p>\n<p>[\/et_pb_text][et_pb_text admin_label=\u00a0\u00bbTexte\u00a0\u00bb _builder_version=\u00a0\u00bb4.16&Prime; background_size=\u00a0\u00bbinitial\u00a0\u00bb background_position=\u00a0\u00bbtop_left\u00a0\u00bb background_repeat=\u00a0\u00bbrepeat\u00a0\u00bb text_orientation=\u00a0\u00bbjustified\u00a0\u00bb use_border_color=\u00a0\u00bboff\u00a0\u00bb border_style=\u00a0\u00bbsolid\u00a0\u00bb global_colors_info=\u00a0\u00bb{}\u00a0\u00bb]<\/p>\n<h3>Zoom sur&#8230;\u00a0 le travail de rue<\/h3>\n<p>Le travail de rue est aussi appel\u00e9 immersion et consiste \u00e0 \u00ab aller vers \u00bb les jeunes qui se rencontrent ou se regroupent (centres commerciaux, \u00e9quipements sportifs, \u00e9tablissements scolaires\u2026). Il constitue pour l\u2019\u00e9quipe un autre moyen de cr\u00e9er du lien et la confiance avant d\u2019aborder les probl\u00e9matiques. Les \u00e9ducateurs sont pr\u00e9sents sans \u00eatre intrusifs en alliant souplesse des horaires de passage et t\u00e9nacit\u00e9 dans la compr\u00e9hension des dynamiques de groupe ou de territoire.[\/et_pb_text][\/et_pb_column_inner][\/et_pb_row_inner][et_pb_row_inner padding_mobile=\u00a0\u00bboff\u00a0\u00bb column_padding_mobile=\u00a0\u00bboff\u00a0\u00bb admin_label=\u00a0\u00bbrow_inner\u00a0\u00bb _builder_version=\u00a0\u00bb4.16&Prime; global_colors_info=\u00a0\u00bb{}\u00a0\u00bb][et_pb_column_inner saved_specialty_column_type=\u00a0\u00bb3_4&Prime; _builder_version=\u00a0\u00bb4.16&Prime; custom_padding=\u00a0\u00bb|||\u00a0\u00bb global_colors_info=\u00a0\u00bb{}\u00a0\u00bb custom_padding__hover=\u00a0\u00bb|||\u00a0\u00bb][et_pb_text admin_label=\u00a0\u00bbTexte\u00a0\u00bb _builder_version=\u00a0\u00bb4.21.0&Prime; background_size=\u00a0\u00bbinitial\u00a0\u00bb background_position=\u00a0\u00bbtop_left\u00a0\u00bb background_repeat=\u00a0\u00bbrepeat\u00a0\u00bb text_orientation=\u00a0\u00bbjustified\u00a0\u00bb use_border_color=\u00a0\u00bboff\u00a0\u00bb border_style=\u00a0\u00bbsolid\u00a0\u00bb global_colors_info=\u00a0\u00bb{}\u00a0\u00bb]<\/p>\n<h3>Contact<\/h3>\n<div class=\"et-fb-loader\" style=\"position: relative; margin-bottom: 40px;\"><\/div>\n<p><strong>Site Administratif : 7 r\u00e9sidence Beaulieu &#8211; appt 103<\/strong><\/p>\n<p><strong>Le Local : 4 all\u00e9e Beausoleil &#8211; appt 2102<\/strong><strong>\u00a0 \u00a0 \u00a0 \u00a0 \u00a0 \u00a0 \u00a0<\/strong><br \/><strong> 80090 Amiens<\/strong><\/p>\n<p><strong><\/strong><\/p>\n<p><strong>Toujours sur le Secteur Pierre ROLLIN mais sur deux nouvelles adresses.<\/strong><\/p>\n<blockquote>\n<div class=\"et-fb-loader\" style=\"position: relative; margin-bottom: 40px;\"><\/div>\n<p><span style=\"color: #99cc00;\">T\u00e9l\u00e9phone : <\/span> Standard 03 22 50 32 05<\/p>\n<\/blockquote>\n<p>Vous pouvez nous contacter aussi via le formulaire de contact sur la<strong>\u00a0<a href=\"..\/..\/..\/..\/nous-contacter\/\">page contactez nous<\/a>,<\/strong>\u00a0rubrique Pr\u00e9vention sp\u00e9cialis\u00e9e.<\/p>\n<p>[\/et_pb_text][et_pb_text admin_label=\u00a0\u00bbTexte\u00a0\u00bb _builder_version=\u00a0\u00bb4.21.0&Prime; background_size=\u00a0\u00bbinitial\u00a0\u00bb background_position=\u00a0\u00bbtop_left\u00a0\u00bb background_repeat=\u00a0\u00bbrepeat\u00a0\u00bb use_border_color=\u00a0\u00bboff\u00a0\u00bb border_style=\u00a0\u00bbsolid\u00a0\u00bb global_colors_info=\u00a0\u00bb{}\u00a0\u00bb]<\/p>\n<p><a href=\"https:\/\/famille-aylf.fr\/wp-content\/uploads\/2018\/05\/charte-echange-dinformation.pdf\" target=\"_blank\" rel=\"noopener\">T\u00e9l\u00e9chargez notre charte de confidentialit\u00e9<\/a><\/p>\n<p>[\/et_pb_text][et_pb_text admin_label=\u00a0\u00bbTexte\u00a0\u00bb _builder_version=\u00a0\u00bb4.27.0&Prime; background_size=\u00a0\u00bbinitial\u00a0\u00bb background_position=\u00a0\u00bbtop_left\u00a0\u00bb background_repeat=\u00a0\u00bbrepeat\u00a0\u00bb hover_enabled=\u00a0\u00bb0&Prime; use_border_color=\u00a0\u00bboff\u00a0\u00bb border_style=\u00a0\u00bbsolid\u00a0\u00bb global_colors_info=\u00a0\u00bb{}\u00a0\u00bb sticky_enabled=\u00a0\u00bb0&Prime;]<\/p>\n<p><a href=\"https:\/\/famille-aylf.fr\/wp-content\/uploads\/2024\/07\/Charte-Departementale-de-la-Prev-Spe-CD-80-AYLF-APAP.pdf\" target=\"_blank\" rel=\"noopener\">T\u00e9l\u00e9chargez notre charte d\u00e9partementale<\/a><\/p>\n<p>[\/et_pb_text][\/et_pb_column_inner][\/et_pb_row_inner][\/et_pb_column][et_pb_column type=\u00a0\u00bb1_4&Prime; _builder_version=\u00a0\u00bb4.16&Prime; custom_padding=\u00a0\u00bb|||\u00a0\u00bb global_colors_info=\u00a0\u00bb{}\u00a0\u00bb custom_padding__hover=\u00a0\u00bb|||\u00a0\u00bb][et_pb_text admin_label=\u00a0\u00bbTexte\u00a0\u00bb _builder_version=\u00a0\u00bb4.16&Prime; background_size=\u00a0\u00bbinitial\u00a0\u00bb background_position=\u00a0\u00bbtop_left\u00a0\u00bb background_repeat=\u00a0\u00bbrepeat\u00a0\u00bb use_border_color=\u00a0\u00bboff\u00a0\u00bb border_style=\u00a0\u00bbsolid\u00a0\u00bb global_colors_info=\u00a0\u00bb{}\u00a0\u00bb]<\/p>\n<h4><i class=\"fab fa-facebook\"><\/i> Retrouvez-nous sur <a href=\"https:\/\/www.facebook.com\/people\/Pr\u00e9vention-Sp\u00e9cialis\u00e9e-Yves-Lefebvre\/100010626966091\" target=\"_blank\" rel=\"noopener\">notre page facebook<\/a><\/h4>\n<p>[\/et_pb_text][et_pb_divider show_divider=\u00a0\u00bboff\u00a0\u00bb disabled_on=\u00a0\u00bbon|on|off\u00a0\u00bb admin_label=\u00a0\u00bbS\u00e9parateur\u00a0\u00bb _builder_version=\u00a0\u00bb4.16&Prime; height=\u00a0\u00bb80px\u00a0\u00bb hide_on_mobile=\u00a0\u00bbon\u00a0\u00bb global_colors_info=\u00a0\u00bb{}\u00a0\u00bb][\/et_pb_divider][et_pb_sidebar orientation=\u00a0\u00bbright\u00a0\u00bb area=\u00a0\u00bbsidebar-1&Prime; admin_label=\u00a0\u00bbBarre lat\u00e9rale\u00a0\u00bb _builder_version=\u00a0\u00bb4.16&Prime; remove_border=\u00a0\u00bb1&Prime; global_colors_info=\u00a0\u00bb{}\u00a0\u00bb][\/et_pb_sidebar][\/et_pb_column][\/et_pb_section][et_pb_section fb_built=\u00a0\u00bb1&Prime; custom_padding_last_edited=\u00a0\u00bbon|phone\u00a0\u00bb disabled_on=\u00a0\u00bbon|on|on\u00a0\u00bb admin_label=\u00a0\u00bbSection\u00a0\u00bb _builder_version=\u00a0\u00bb4.16&Prime; custom_padding=\u00a0\u00bb||0px|\u00a0\u00bb custom_padding_tablet=\u00a0\u00bb50px|0|50px|0&Prime; custom_padding_phone=\u00a0\u00bb\u00a0\u00bb transparent_background=\u00a0\u00bboff\u00a0\u00bb padding_mobile=\u00a0\u00bboff\u00a0\u00bb disabled=\u00a0\u00bbon\u00a0\u00bb global_colors_info=\u00a0\u00bb{}\u00a0\u00bb][et_pb_row padding_mobile=\u00a0\u00bboff\u00a0\u00bb column_padding_mobile=\u00a0\u00bbon\u00a0\u00bb custom_padding_last_edited=\u00a0\u00bbon|phone\u00a0\u00bb admin_label=\u00a0\u00bbLigne\u00a0\u00bb _builder_version=\u00a0\u00bb4.16&Prime; background_size=\u00a0\u00bbinitial\u00a0\u00bb background_position=\u00a0\u00bbtop_left\u00a0\u00bb background_repeat=\u00a0\u00bbrepeat\u00a0\u00bb custom_padding=\u00a0\u00bb||5px|\u00a0\u00bb custom_padding_tablet=\u00a0\u00bb\u00a0\u00bb custom_padding_phone=\u00a0\u00bb\u00a0\u00bb global_colors_info=\u00a0\u00bb{}\u00a0\u00bb][et_pb_column type=\u00a0\u00bb4_4&Prime; _builder_version=\u00a0\u00bb4.16&Prime; custom_padding=\u00a0\u00bb|||\u00a0\u00bb global_colors_info=\u00a0\u00bb{}\u00a0\u00bb custom_padding__hover=\u00a0\u00bb|||\u00a0\u00bb][et_pb_text admin_label=\u00a0\u00bbTexte\u00a0\u00bb _builder_version=\u00a0\u00bb4.16&Prime; background_size=\u00a0\u00bbinitial\u00a0\u00bb background_position=\u00a0\u00bbtop_left\u00a0\u00bb background_repeat=\u00a0\u00bbrepeat\u00a0\u00bb use_border_color=\u00a0\u00bboff\u00a0\u00bb border_style=\u00a0\u00bbsolid\u00a0\u00bb global_colors_info=\u00a0\u00bb{}\u00a0\u00bb]<\/p>\n<h1><i class=\"fa fa-lightbulb-o \" ><\/i> Actualit\u00e9s sur ce th\u00e8me<\/h1>\n<p>[\/et_pb_text][\/et_pb_column][\/et_pb_row][\/et_pb_section][et_pb_section fb_built=\u00a0\u00bb1&Prime; custom_padding_last_edited=\u00a0\u00bbon|phone\u00a0\u00bb disabled_on=\u00a0\u00bbon|on|on\u00a0\u00bb admin_label=\u00a0\u00bbSection\u00a0\u00bb module_class=\u00a0\u00bbaylf_blocbaspage\u00a0\u00bb _builder_version=\u00a0\u00bb4.16&Prime; background_color=\u00a0\u00bb#ededed\u00a0\u00bb custom_padding=\u00a0\u00bb10px|||\u00a0\u00bb custom_padding_tablet=\u00a0\u00bb50px|0|50px|0&Prime; custom_padding_phone=\u00a0\u00bb\u00a0\u00bb transparent_background=\u00a0\u00bboff\u00a0\u00bb padding_mobile=\u00a0\u00bboff\u00a0\u00bb disabled=\u00a0\u00bbon\u00a0\u00bb global_colors_info=\u00a0\u00bb{}\u00a0\u00bb][et_pb_row padding_mobile=\u00a0\u00bboff\u00a0\u00bb column_padding_mobile=\u00a0\u00bbon\u00a0\u00bb admin_label=\u00a0\u00bbLigne\u00a0\u00bb _builder_version=\u00a0\u00bb4.16&Prime; background_size=\u00a0\u00bbinitial\u00a0\u00bb background_position=\u00a0\u00bbtop_left\u00a0\u00bb background_repeat=\u00a0\u00bbrepeat\u00a0\u00bb global_colors_info=\u00a0\u00bb{}\u00a0\u00bb][et_pb_column type=\u00a0\u00bb4_4&Prime; _builder_version=\u00a0\u00bb4.16&Prime; custom_padding=\u00a0\u00bb|||\u00a0\u00bb global_colors_info=\u00a0\u00bb{}\u00a0\u00bb custom_padding__hover=\u00a0\u00bb|||\u00a0\u00bb][et_pb_code _builder_version=\u00a0\u00bb4.16&Prime; global_colors_info=\u00a0\u00bb{}\u00a0\u00bb]Pas d&rsquo;article pour le moment[\/et_pb_code][\/et_pb_column][\/et_pb_row][\/et_pb_section]<\/p>\n","protected":false},"excerpt":{"rendered":"<p>Pr\u00e9vention sp\u00e9cialis\u00e9e \u00ab Observer pour comprendre, comprendre pour agir \u00bbLa pr\u00e9vention sp\u00e9cialis\u00e9e, qu&rsquo;est-ce que c&rsquo;est ? La pr\u00e9vention est un acteur de la protection de l\u2019enfance, inscrit dans l\u2019action du Conseil D\u00e9partemental de la Somme. Le service intervient depuis 1973 sur les quartiers SUD d\u2019Amiens. Dans ce service de l\u2019AYLF, le jeune et ses int\u00e9r\u00eats [&hellip;]<\/p>\n","protected":false},"author":1,"featured_media":2514,"parent":1216,"menu_order":0,"comment_status":"closed","ping_status":"closed","template":"","meta":{"_acf_changed":false,"_et_pb_use_builder":"on","_et_pb_old_content":"","_et_gb_content_width":"","inline_featured_image":false,"jetpack_post_was_ever_published":false,"footnotes":""},"class_list":["post-1421","page","type-page","status-publish","has-post-thumbnail","hentry"],"acf":[],"jetpack_shortlink":"https:\/\/wp.me\/P8kEsP-mV","_links":{"self":[{"href":"https:\/\/famille-aylf.fr\/index.php\/wp-json\/wp\/v2\/pages\/1421","targetHints":{"allow":["GET"]}}],"collection":[{"href":"https:\/\/famille-aylf.fr\/index.php\/wp-json\/wp\/v2\/pages"}],"about":[{"href":"https:\/\/famille-aylf.fr\/index.php\/wp-json\/wp\/v2\/types\/page"}],"author":[{"embeddable":true,"href":"https:\/\/famille-aylf.fr\/index.php\/wp-json\/wp\/v2\/users\/1"}],"replies":[{"embeddable":true,"href":"https:\/\/famille-aylf.fr\/index.php\/wp-json\/wp\/v2\/comments?post=1421"}],"version-history":[{"count":31,"href":"https:\/\/famille-aylf.fr\/index.php\/wp-json\/wp\/v2\/pages\/1421\/revisions"}],"predecessor-version":[{"id":2722,"href":"https:\/\/famille-aylf.fr\/index.php\/wp-json\/wp\/v2\/pages\/1421\/revisions\/2722"}],"up":[{"embeddable":true,"href":"https:\/\/famille-aylf.fr\/index.php\/wp-json\/wp\/v2\/pages\/1216"}],"wp:featuredmedia":[{"embeddable":true,"href":"https:\/\/famille-aylf.fr\/index.php\/wp-json\/wp\/v2\/media\/2514"}],"wp:attachment":[{"href":"https:\/\/famille-aylf.fr\/index.php\/wp-json\/wp\/v2\/media?parent=1421"}],"curies":[{"name":"wp","href":"https:\/\/api.w.org\/{rel}","templated":true}]}}